{"id":3702,"date":"2025-11-04T22:41:52","date_gmt":"2025-11-04T22:41:52","guid":{"rendered":"https:\/\/seeco.es\/?post_type=product&#038;p=3702"},"modified":"2026-03-09T10:14:59","modified_gmt":"2026-03-09T10:14:59","slug":"xii-curso-teorico-practico-de-ecografia-tiroidea-y-de-la-region-cervical","status":"publish","type":"product","link":"https:\/\/seeco.es\/en\/curso-ecografia\/xii-curso-teorico-practico-de-ecografia-tiroidea-y-de-la-region-cervical\/","title":{"rendered":"XII Curso Te\u00f3rico-Pr\u00e1ctico de Ecograf\u00eda Tiroidea y de la regi\u00f3n Cervical"},"content":{"rendered":"<h2 style=\"text-align: left;\">XII Curso Te\u00f3rico-Pr\u00e1ctico de Ecograf\u00eda Tiroidea y de la regi\u00f3n Cervical<\/h2>\n<h3>26, 27 y 28 de febrero en Madrid<\/h3>\n<p><a href=\"https:\/\/seeco.es\/wp-content\/uploads\/2025\/11\/04-Tiroides26_compressed.pdf\" target=\"_blank\" rel=\"noopener\">DOWNLOAD PROGRAM<\/a><\/p>\n<p style=\"text-align: left;\">Registration includes attendance at sessions, coffee breaks and working lunches.<\/p>\n<p class=\"p1\"><span class=\"s1\">Technical Secretariat: <\/span><b>Spanish Society of Ultrasound<\/b><\/p>\n<ul>\n<li class=\"p3\"><span class=\"s4\"><b>Phone: <a href=\"tel:+34 655 694 698\">+34 655 694 698<\/a> <\/b><\/span><\/li>\n<li class=\"p3\"><span class=\"s5\"><b>E-mail: <\/b><\/span><a href=\"mailto:secretariatecnica@seeco.es\"><span class=\"s5\"><b>secretariatecnica@seeco.es<\/b><\/span><\/a><\/li>\n<\/ul>\n<p>&nbsp;<\/p>","protected":false},"excerpt":{"rendered":"<p style=\"text-align: center;\">Desde el 26\u00a0 de febrero hasta el 28 de febrero de 2026<br \/>\nMADRID<\/p>","protected":false},"featured_media":3789,"template":"","meta":[],"product_brand":[],"product_cat":[77],"product_tag":[],"class_list":{"0":"post-3702","1":"product","2":"type-product","3":"status-publish","4":"has-post-thumbnail","6":"product_cat-actividades-realizadas","8":"first","9":"outofstock","10":"sold-individually","11":"taxable","12":"shipping-taxable","13":"product-type-variable"},"yoast_head":"<!-- This site is optimized with the Yoast SEO plugin v27.5 - https:\/\/yoast.com\/product\/yoast-seo-wordpress\/ -->\n<title>XII Curso Te\u00f3rico-Pr\u00e1ctico de Ecograf\u00eda Tiroidea y de la regi\u00f3n Cervical<\/title>\n<meta name=\"description\" content=\"Curso de Ecograf\u00eda Tiroidea y de la regi\u00f3n Cervical en Madrid, organizado por SEECO. Todos los detalles del curso, \u00a1AQU\u00cd!\" \/>\n<meta name=\"robots\" content=\"index, follow, max-snippet:-1, max-image-preview:large, max-video-preview:-1\" \/>\n<link rel=\"canonical\" href=\"https:\/\/seeco.es\/en\/curso-ecografia\/xii-curso-teorico-practico-de-ecografia-tiroidea-y-de-la-region-cervical\/\" \/>\n<meta property=\"og:locale\" content=\"en_GB\" \/>\n<meta property=\"og:type\" content=\"article\" \/>\n<meta property=\"og:title\" content=\"XII Curso Te\u00f3rico-Pr\u00e1ctico de Ecograf\u00eda Tiroidea y de la regi\u00f3n Cervical\" \/>\n<meta property=\"og:description\" content=\"Curso de Ecograf\u00eda Tiroidea y de la regi\u00f3n Cervical en Madrid, organizado por SEECO. Todos los detalles del curso, \u00a1AQU\u00cd!\" \/>\n<meta property=\"og:url\" content=\"https:\/\/seeco.es\/en\/curso-ecografia\/xii-curso-teorico-practico-de-ecografia-tiroidea-y-de-la-region-cervical\/\" \/>\n<meta property=\"og:site_name\" content=\"SEECO\" \/>\n<meta property=\"article:modified_time\" content=\"2026-03-09T10:14:59+00:00\" \/>\n<meta property=\"og:image\" content=\"https:\/\/seeco.es\/wp-content\/uploads\/2025\/11\/04-WebTiroidesTeoricoPractico26-1024x1024-2.jpg\" \/>\n\t<meta property=\"og:image:width\" content=\"1024\" \/>\n\t<meta property=\"og:image:height\" content=\"1024\" \/>\n\t<meta property=\"og:image:type\" content=\"image\/jpeg\" \/>\n<meta name=\"twitter:card\" content=\"summary_large_image\" \/>\n<meta name=\"twitter:label1\" content=\"Estimated reading time\" \/>\n\t<meta name=\"twitter:data1\" content=\"1 minute\" \/>\n<script type=\"application\/ld+json\" class=\"yoast-schema-graph\">{\"@context\":\"https:\\\/\\\/schema.org\",\"@graph\":[{\"@type\":\"WebPage\",\"@id\":\"https:\\\/\\\/seeco.es\\\/curso-ecografia\\\/xii-curso-teorico-practico-de-ecografia-tiroidea-y-de-la-region-cervical\\\/\",\"url\":\"https:\\\/\\\/seeco.es\\\/curso-ecografia\\\/xii-curso-teorico-practico-de-ecografia-tiroidea-y-de-la-region-cervical\\\/\",\"name\":\"XII Curso Te\u00f3rico-Pr\u00e1ctico de Ecograf\u00eda Tiroidea y de la regi\u00f3n Cervical\",\"isPartOf\":{\"@id\":\"https:\\\/\\\/seeco.es\\\/#website\"},\"primaryImageOfPage\":{\"@id\":\"https:\\\/\\\/seeco.es\\\/curso-ecografia\\\/xii-curso-teorico-practico-de-ecografia-tiroidea-y-de-la-region-cervical\\\/#primaryimage\"},\"image\":{\"@id\":\"https:\\\/\\\/seeco.es\\\/curso-ecografia\\\/xii-curso-teorico-practico-de-ecografia-tiroidea-y-de-la-region-cervical\\\/#primaryimage\"},\"thumbnailUrl\":\"https:\\\/\\\/seeco.es\\\/wp-content\\\/uploads\\\/2025\\\/11\\\/04-WebTiroidesTeoricoPractico26-1024x1024-2.jpg\",\"datePublished\":\"2025-11-04T22:41:52+00:00\",\"dateModified\":\"2026-03-09T10:14:59+00:00\",\"description\":\"Curso de Ecograf\u00eda Tiroidea y de la regi\u00f3n Cervical en Madrid, organizado por SEECO. Todos los detalles del curso, \u00a1AQU\u00cd!\",\"breadcrumb\":{\"@id\":\"https:\\\/\\\/seeco.es\\\/curso-ecografia\\\/xii-curso-teorico-practico-de-ecografia-tiroidea-y-de-la-region-cervical\\\/#breadcrumb\"},\"inLanguage\":\"en-GB\",\"potentialAction\":[{\"@type\":\"ReadAction\",\"target\":[\"https:\\\/\\\/seeco.es\\\/curso-ecografia\\\/xii-curso-teorico-practico-de-ecografia-tiroidea-y-de-la-region-cervical\\\/\"]}]},{\"@type\":\"ImageObject\",\"inLanguage\":\"en-GB\",\"@id\":\"https:\\\/\\\/seeco.es\\\/curso-ecografia\\\/xii-curso-teorico-practico-de-ecografia-tiroidea-y-de-la-region-cervical\\\/#primaryimage\",\"url\":\"https:\\\/\\\/seeco.es\\\/wp-content\\\/uploads\\\/2025\\\/11\\\/04-WebTiroidesTeoricoPractico26-1024x1024-2.jpg\",\"contentUrl\":\"https:\\\/\\\/seeco.es\\\/wp-content\\\/uploads\\\/2025\\\/11\\\/04-WebTiroidesTeoricoPractico26-1024x1024-2.jpg\",\"width\":1024,\"height\":1024},{\"@type\":\"BreadcrumbList\",\"@id\":\"https:\\\/\\\/seeco.es\\\/curso-ecografia\\\/xii-curso-teorico-practico-de-ecografia-tiroidea-y-de-la-region-cervical\\\/#breadcrumb\",\"itemListElement\":[{\"@type\":\"ListItem\",\"position\":1,\"name\":\"Portada\",\"item\":\"https:\\\/\\\/seeco.es\\\/seeco\\\/\"},{\"@type\":\"ListItem\",\"position\":2,\"name\":\"Tienda\",\"item\":\"https:\\\/\\\/seeco.es\\\/en\\\/tienda\\\/\"},{\"@type\":\"ListItem\",\"position\":3,\"name\":\"XII Curso Te\u00f3rico-Pr\u00e1ctico de Ecograf\u00eda Tiroidea y de la regi\u00f3n Cervical\"}]},{\"@type\":\"WebSite\",\"@id\":\"https:\\\/\\\/seeco.es\\\/#website\",\"url\":\"https:\\\/\\\/seeco.es\\\/\",\"name\":\"SEECO\",\"description\":\"Sociedad Espa\u00f1ola de Ecograf\u00eda\",\"potentialAction\":[{\"@type\":\"SearchAction\",\"target\":{\"@type\":\"EntryPoint\",\"urlTemplate\":\"https:\\\/\\\/seeco.es\\\/?s={search_term_string}\"},\"query-input\":{\"@type\":\"PropertyValueSpecification\",\"valueRequired\":true,\"valueName\":\"search_term_string\"}}],\"inLanguage\":\"en-GB\"}]}<\/script>\n<!-- \/ Yoast SEO plugin. -->","yoast_head_json":{"title":"XII Curso Te\u00f3rico-Pr\u00e1ctico de Ecograf\u00eda Tiroidea y de la regi\u00f3n Cervical","description":"Curso de Ecograf\u00eda Tiroidea y de la regi\u00f3n Cervical en Madrid, organizado por SEECO. Todos los detalles del curso, \u00a1AQU\u00cd!","robots":{"index":"index","follow":"follow","max-snippet":"max-snippet:-1","max-image-preview":"max-image-preview:large","max-video-preview":"max-video-preview:-1"},"canonical":"https:\/\/seeco.es\/en\/curso-ecografia\/xii-curso-teorico-practico-de-ecografia-tiroidea-y-de-la-region-cervical\/","og_locale":"en_GB","og_type":"article","og_title":"XII Curso Te\u00f3rico-Pr\u00e1ctico de Ecograf\u00eda Tiroidea y de la regi\u00f3n Cervical","og_description":"Curso de Ecograf\u00eda Tiroidea y de la regi\u00f3n Cervical en Madrid, organizado por SEECO. Todos los detalles del curso, \u00a1AQU\u00cd!","og_url":"https:\/\/seeco.es\/en\/curso-ecografia\/xii-curso-teorico-practico-de-ecografia-tiroidea-y-de-la-region-cervical\/","og_site_name":"SEECO","article_modified_time":"2026-03-09T10:14:59+00:00","og_image":[{"width":1024,"height":1024,"url":"https:\/\/seeco.es\/wp-content\/uploads\/2025\/11\/04-WebTiroidesTeoricoPractico26-1024x1024-2.jpg","type":"image\/jpeg"}],"twitter_card":"summary_large_image","twitter_misc":{"Estimated reading time":"1 minute"},"schema":{"@context":"https:\/\/schema.org","@graph":[{"@type":"WebPage","@id":"https:\/\/seeco.es\/curso-ecografia\/xii-curso-teorico-practico-de-ecografia-tiroidea-y-de-la-region-cervical\/","url":"https:\/\/seeco.es\/curso-ecografia\/xii-curso-teorico-practico-de-ecografia-tiroidea-y-de-la-region-cervical\/","name":"XII Curso Te\u00f3rico-Pr\u00e1ctico de Ecograf\u00eda Tiroidea y de la regi\u00f3n Cervical","isPartOf":{"@id":"https:\/\/seeco.es\/#website"},"primaryImageOfPage":{"@id":"https:\/\/seeco.es\/curso-ecografia\/xii-curso-teorico-practico-de-ecografia-tiroidea-y-de-la-region-cervical\/#primaryimage"},"image":{"@id":"https:\/\/seeco.es\/curso-ecografia\/xii-curso-teorico-practico-de-ecografia-tiroidea-y-de-la-region-cervical\/#primaryimage"},"thumbnailUrl":"https:\/\/seeco.es\/wp-content\/uploads\/2025\/11\/04-WebTiroidesTeoricoPractico26-1024x1024-2.jpg","datePublished":"2025-11-04T22:41:52+00:00","dateModified":"2026-03-09T10:14:59+00:00","description":"Curso de Ecograf\u00eda Tiroidea y de la regi\u00f3n Cervical en Madrid, organizado por SEECO. Todos los detalles del curso, \u00a1AQU\u00cd!","breadcrumb":{"@id":"https:\/\/seeco.es\/curso-ecografia\/xii-curso-teorico-practico-de-ecografia-tiroidea-y-de-la-region-cervical\/#breadcrumb"},"inLanguage":"en-GB","potentialAction":[{"@type":"ReadAction","target":["https:\/\/seeco.es\/curso-ecografia\/xii-curso-teorico-practico-de-ecografia-tiroidea-y-de-la-region-cervical\/"]}]},{"@type":"ImageObject","inLanguage":"en-GB","@id":"https:\/\/seeco.es\/curso-ecografia\/xii-curso-teorico-practico-de-ecografia-tiroidea-y-de-la-region-cervical\/#primaryimage","url":"https:\/\/seeco.es\/wp-content\/uploads\/2025\/11\/04-WebTiroidesTeoricoPractico26-1024x1024-2.jpg","contentUrl":"https:\/\/seeco.es\/wp-content\/uploads\/2025\/11\/04-WebTiroidesTeoricoPractico26-1024x1024-2.jpg","width":1024,"height":1024},{"@type":"BreadcrumbList","@id":"https:\/\/seeco.es\/curso-ecografia\/xii-curso-teorico-practico-de-ecografia-tiroidea-y-de-la-region-cervical\/#breadcrumb","itemListElement":[{"@type":"ListItem","position":1,"name":"Portada","item":"https:\/\/seeco.es\/seeco\/"},{"@type":"ListItem","position":2,"name":"Tienda","item":"https:\/\/seeco.es\/en\/tienda\/"},{"@type":"ListItem","position":3,"name":"XII Curso Te\u00f3rico-Pr\u00e1ctico de Ecograf\u00eda Tiroidea y de la regi\u00f3n Cervical"}]},{"@type":"WebSite","@id":"https:\/\/seeco.es\/#website","url":"https:\/\/seeco.es\/","name":"SEECO","description":"Spanish Society of Ultrasound","potentialAction":[{"@type":"SearchAction","target":{"@type":"EntryPoint","urlTemplate":"https:\/\/seeco.es\/?s={search_term_string}"},"query-input":{"@type":"PropertyValueSpecification","valueRequired":true,"valueName":"search_term_string"}}],"inLanguage":"en-GB"}]}},"_links":{"self":[{"href":"https:\/\/seeco.es\/en\/wp-json\/wp\/v2\/product\/3702","targetHints":{"allow":["GET"]}}],"collection":[{"href":"https:\/\/seeco.es\/en\/wp-json\/wp\/v2\/product"}],"about":[{"href":"https:\/\/seeco.es\/en\/wp-json\/wp\/v2\/types\/product"}],"wp:featuredmedia":[{"embeddable":true,"href":"https:\/\/seeco.es\/en\/wp-json\/wp\/v2\/media\/3789"}],"wp:attachment":[{"href":"https:\/\/seeco.es\/en\/wp-json\/wp\/v2\/media?parent=3702"}],"wp:term":[{"taxonomy":"product_brand","embeddable":true,"href":"https:\/\/seeco.es\/en\/wp-json\/wp\/v2\/product_brand?post=3702"},{"taxonomy":"product_cat","embeddable":true,"href":"https:\/\/seeco.es\/en\/wp-json\/wp\/v2\/product_cat?post=3702"},{"taxonomy":"product_tag","embeddable":true,"href":"https:\/\/seeco.es\/en\/wp-json\/wp\/v2\/product_tag?post=3702"}],"curies":[{"name":"wp","href":"https:\/\/api.w.org\/{rel}","templated":true}]}}