{"id":3514,"date":"2025-09-01T10:33:45","date_gmt":"2025-09-01T10:33:45","guid":{"rendered":"https:\/\/seeco.es\/?post_type=product&#038;p=3514"},"modified":"2025-10-24T08:35:44","modified_gmt":"2025-10-24T08:35:44","slug":"ii-curso-hibrido-de-ecografia-facial-cosmetica","status":"publish","type":"product","link":"https:\/\/seeco.es\/en\/curso-ecografia\/ii-curso-hibrido-de-ecografia-facial-cosmetica\/","title":{"rendered":"II Curso H\u00edbrido de Ecograf\u00eda Facial Cosm\u00e9tica"},"content":{"rendered":"<h2 style=\"text-align: left;\">II Curso H\u00edbrido de Ecograf\u00eda Facial Cosm\u00e9tica<\/h2>\n<h3 style=\"text-align: left;\">Parte online: ponencias grabadas<\/h3>\n<h3 style=\"text-align: left;\">October 4, 2025 in Madrid (in-person part)<\/h3>\n<p style=\"text-align: left;\"><a href=\"https:\/\/seeco.es\/wp-content\/uploads\/2025\/07\/04-CursoFacialCosmetica25.pdf\" target=\"_blank\" rel=\"noopener\">DOWNLOAD PROGRAM<\/a><\/p>\n<p style=\"text-align: left;\"><strong>Registration fees:<\/strong><\/p>\n<ul>\n<li style=\"text-align: left;\">Curso online: 484,00 \u20ac<\/li>\n<li style=\"text-align: left;\">Curso presencial (d\u00eda 4-10-2025): 302,50 \u20ac<\/li>\n<li style=\"text-align: left;\">Evaluaci\u00f3n presencial (d\u00eda 4-10-2025): 302,50 \u20ac<\/li>\n<\/ul>\n<p style=\"text-align: left;\"><strong>5% discount on online and in-person courses <\/strong><strong>for SEECO partners<\/strong><\/p>\n<p style=\"text-align: left;\">Technical Secretariat of the Course: Spanish Society of Ultrasound<br \/>\nTel.: <a href=\"tel:655694698\">+34 655 694 698<\/a> \u2022 <a href=\"mailto:secretariatecnica@seeco.es\">secretariatecnica@seeco.es<\/a><\/p>\n<p>Nota: <strong>Limited places. <\/strong>La realizaci\u00f3n de este Curso queda supeditada a una demanda m\u00ednima de 20 asistentes.<\/p>\n<p><strong>Se entregar\u00e1 certificado de asistencia al Curso avalado por S.E.ECO. (miembro de EFSUMB) de 12:00 horas de formaci\u00f3n te\u00f3rico-pr\u00e1ctica realizando el curso completo. En caso de realizar solamente una de las partes, se entregar\u00e1 diploma con las horas correspondientes.<\/strong><\/p>\n<p>&nbsp;<\/p>","protected":false},"excerpt":{"rendered":"<p style=\"text-align: center;\">4 de octubre de 2025 \u00b7 MADRID<\/p>","protected":false},"featured_media":3345,"template":"","meta":[],"product_brand":[],"product_cat":[77],"product_tag":[76],"class_list":{"0":"post-3514","1":"product","2":"type-product","3":"status-publish","4":"has-post-thumbnail","6":"product_cat-actividades-realizadas","7":"product_tag-curso-presencial","9":"first","10":"instock","11":"sold-individually","12":"taxable","13":"shipping-taxable","14":"product-type-simple"},"yoast_head":"<!-- This site is optimized with the Yoast SEO plugin v27.5 - https:\/\/yoast.com\/product\/yoast-seo-wordpress\/ -->\n<title>Curso Ecograf\u00eda Facial Cosm\u00e9tica<\/title>\n<meta name=\"description\" content=\"Curso Ecograf\u00eda Facial Cosm\u00e9tica. 4 de octubre de 2025 en Madrid, organizado por SEECO. Todos los detalles del curso, AQU\u00cd!!!\" \/>\n<meta name=\"robots\" content=\"index, follow, max-snippet:-1, max-image-preview:large, max-video-preview:-1\" \/>\n<link rel=\"canonical\" href=\"https:\/\/seeco.es\/en\/curso-ecografia\/ii-curso-hibrido-de-ecografia-facial-cosmetica\/\" \/>\n<meta property=\"og:locale\" content=\"en_GB\" \/>\n<meta property=\"og:type\" content=\"article\" \/>\n<meta property=\"og:title\" content=\"Curso Ecograf\u00eda Facial Cosm\u00e9tica\" \/>\n<meta property=\"og:description\" content=\"Curso Ecograf\u00eda Facial Cosm\u00e9tica. 4 de octubre de 2025 en Madrid, organizado por SEECO. Todos los detalles del curso, AQU\u00cd!!!\" \/>\n<meta property=\"og:url\" content=\"https:\/\/seeco.es\/en\/curso-ecografia\/ii-curso-hibrido-de-ecografia-facial-cosmetica\/\" \/>\n<meta property=\"og:site_name\" content=\"SEECO\" \/>\n<meta property=\"article:modified_time\" content=\"2025-10-24T08:35:44+00:00\" \/>\n<meta property=\"og:image\" content=\"https:\/\/seeco.es\/wp-content\/uploads\/2025\/09\/04-CursoFacialCosmetica25-600x600-1.jpg\" \/>\n\t<meta property=\"og:image:width\" content=\"600\" \/>\n\t<meta property=\"og:image:height\" content=\"600\" \/>\n\t<meta property=\"og:image:type\" content=\"image\/jpeg\" \/>\n<meta name=\"twitter:card\" content=\"summary_large_image\" \/>\n<meta name=\"twitter:label1\" content=\"Estimated reading time\" \/>\n\t<meta name=\"twitter:data1\" content=\"1 minute\" \/>\n<script type=\"application\/ld+json\" class=\"yoast-schema-graph\">{\"@context\":\"https:\\\/\\\/schema.org\",\"@graph\":[{\"@type\":\"WebPage\",\"@id\":\"https:\\\/\\\/seeco.es\\\/curso-ecografia\\\/ii-curso-hibrido-de-ecografia-facial-cosmetica\\\/\",\"url\":\"https:\\\/\\\/seeco.es\\\/curso-ecografia\\\/ii-curso-hibrido-de-ecografia-facial-cosmetica\\\/\",\"name\":\"Curso Ecograf\u00eda Facial Cosm\u00e9tica\",\"isPartOf\":{\"@id\":\"https:\\\/\\\/seeco.es\\\/#website\"},\"primaryImageOfPage\":{\"@id\":\"https:\\\/\\\/seeco.es\\\/curso-ecografia\\\/ii-curso-hibrido-de-ecografia-facial-cosmetica\\\/#primaryimage\"},\"image\":{\"@id\":\"https:\\\/\\\/seeco.es\\\/curso-ecografia\\\/ii-curso-hibrido-de-ecografia-facial-cosmetica\\\/#primaryimage\"},\"thumbnailUrl\":\"https:\\\/\\\/seeco.es\\\/wp-content\\\/uploads\\\/2025\\\/09\\\/04-CursoFacialCosmetica25-600x600-1.jpg\",\"datePublished\":\"2025-09-01T10:33:45+00:00\",\"dateModified\":\"2025-10-24T08:35:44+00:00\",\"description\":\"Curso Ecograf\u00eda Facial Cosm\u00e9tica. 4 de octubre de 2025 en Madrid, organizado por SEECO. Todos los detalles del curso, AQU\u00cd!!!\",\"breadcrumb\":{\"@id\":\"https:\\\/\\\/seeco.es\\\/curso-ecografia\\\/ii-curso-hibrido-de-ecografia-facial-cosmetica\\\/#breadcrumb\"},\"inLanguage\":\"en-GB\",\"potentialAction\":[{\"@type\":\"ReadAction\",\"target\":[\"https:\\\/\\\/seeco.es\\\/curso-ecografia\\\/ii-curso-hibrido-de-ecografia-facial-cosmetica\\\/\"]}]},{\"@type\":\"ImageObject\",\"inLanguage\":\"en-GB\",\"@id\":\"https:\\\/\\\/seeco.es\\\/curso-ecografia\\\/ii-curso-hibrido-de-ecografia-facial-cosmetica\\\/#primaryimage\",\"url\":\"https:\\\/\\\/seeco.es\\\/wp-content\\\/uploads\\\/2025\\\/09\\\/04-CursoFacialCosmetica25-600x600-1.jpg\",\"contentUrl\":\"https:\\\/\\\/seeco.es\\\/wp-content\\\/uploads\\\/2025\\\/09\\\/04-CursoFacialCosmetica25-600x600-1.jpg\",\"width\":600,\"height\":600,\"caption\":\"II Curso H\u00edbrido de Ecograf\u00eda Facial Cosm\u00e9tica\"},{\"@type\":\"BreadcrumbList\",\"@id\":\"https:\\\/\\\/seeco.es\\\/curso-ecografia\\\/ii-curso-hibrido-de-ecografia-facial-cosmetica\\\/#breadcrumb\",\"itemListElement\":[{\"@type\":\"ListItem\",\"position\":1,\"name\":\"Portada\",\"item\":\"https:\\\/\\\/seeco.es\\\/seeco\\\/\"},{\"@type\":\"ListItem\",\"position\":2,\"name\":\"Tienda\",\"item\":\"https:\\\/\\\/seeco.es\\\/en\\\/tienda\\\/\"},{\"@type\":\"ListItem\",\"position\":3,\"name\":\"II Curso H\u00edbrido de Ecograf\u00eda Facial Cosm\u00e9tica\"}]},{\"@type\":\"WebSite\",\"@id\":\"https:\\\/\\\/seeco.es\\\/#website\",\"url\":\"https:\\\/\\\/seeco.es\\\/\",\"name\":\"SEECO\",\"description\":\"Sociedad Espa\u00f1ola de Ecograf\u00eda\",\"potentialAction\":[{\"@type\":\"SearchAction\",\"target\":{\"@type\":\"EntryPoint\",\"urlTemplate\":\"https:\\\/\\\/seeco.es\\\/?s={search_term_string}\"},\"query-input\":{\"@type\":\"PropertyValueSpecification\",\"valueRequired\":true,\"valueName\":\"search_term_string\"}}],\"inLanguage\":\"en-GB\"}]}<\/script>\n<!-- \/ Yoast SEO plugin. -->","yoast_head_json":{"title":"Curso Ecograf\u00eda Facial Cosm\u00e9tica","description":"Curso Ecograf\u00eda Facial Cosm\u00e9tica. 4 de octubre de 2025 en Madrid, organizado por SEECO. Todos los detalles del curso, AQU\u00cd!!!","robots":{"index":"index","follow":"follow","max-snippet":"max-snippet:-1","max-image-preview":"max-image-preview:large","max-video-preview":"max-video-preview:-1"},"canonical":"https:\/\/seeco.es\/en\/curso-ecografia\/ii-curso-hibrido-de-ecografia-facial-cosmetica\/","og_locale":"en_GB","og_type":"article","og_title":"Curso Ecograf\u00eda Facial Cosm\u00e9tica","og_description":"Curso Ecograf\u00eda Facial Cosm\u00e9tica. 4 de octubre de 2025 en Madrid, organizado por SEECO. Todos los detalles del curso, AQU\u00cd!!!","og_url":"https:\/\/seeco.es\/en\/curso-ecografia\/ii-curso-hibrido-de-ecografia-facial-cosmetica\/","og_site_name":"SEECO","article_modified_time":"2025-10-24T08:35:44+00:00","og_image":[{"width":600,"height":600,"url":"https:\/\/seeco.es\/wp-content\/uploads\/2025\/09\/04-CursoFacialCosmetica25-600x600-1.jpg","type":"image\/jpeg"}],"twitter_card":"summary_large_image","twitter_misc":{"Estimated reading time":"1 minute"},"schema":{"@context":"https:\/\/schema.org","@graph":[{"@type":"WebPage","@id":"https:\/\/seeco.es\/curso-ecografia\/ii-curso-hibrido-de-ecografia-facial-cosmetica\/","url":"https:\/\/seeco.es\/curso-ecografia\/ii-curso-hibrido-de-ecografia-facial-cosmetica\/","name":"Curso Ecograf\u00eda Facial Cosm\u00e9tica","isPartOf":{"@id":"https:\/\/seeco.es\/#website"},"primaryImageOfPage":{"@id":"https:\/\/seeco.es\/curso-ecografia\/ii-curso-hibrido-de-ecografia-facial-cosmetica\/#primaryimage"},"image":{"@id":"https:\/\/seeco.es\/curso-ecografia\/ii-curso-hibrido-de-ecografia-facial-cosmetica\/#primaryimage"},"thumbnailUrl":"https:\/\/seeco.es\/wp-content\/uploads\/2025\/09\/04-CursoFacialCosmetica25-600x600-1.jpg","datePublished":"2025-09-01T10:33:45+00:00","dateModified":"2025-10-24T08:35:44+00:00","description":"Curso Ecograf\u00eda Facial Cosm\u00e9tica. 4 de octubre de 2025 en Madrid, organizado por SEECO. Todos los detalles del curso, AQU\u00cd!!!","breadcrumb":{"@id":"https:\/\/seeco.es\/curso-ecografia\/ii-curso-hibrido-de-ecografia-facial-cosmetica\/#breadcrumb"},"inLanguage":"en-GB","potentialAction":[{"@type":"ReadAction","target":["https:\/\/seeco.es\/curso-ecografia\/ii-curso-hibrido-de-ecografia-facial-cosmetica\/"]}]},{"@type":"ImageObject","inLanguage":"en-GB","@id":"https:\/\/seeco.es\/curso-ecografia\/ii-curso-hibrido-de-ecografia-facial-cosmetica\/#primaryimage","url":"https:\/\/seeco.es\/wp-content\/uploads\/2025\/09\/04-CursoFacialCosmetica25-600x600-1.jpg","contentUrl":"https:\/\/seeco.es\/wp-content\/uploads\/2025\/09\/04-CursoFacialCosmetica25-600x600-1.jpg","width":600,"height":600,"caption":"II Curso H\u00edbrido de Ecograf\u00eda Facial Cosm\u00e9tica"},{"@type":"BreadcrumbList","@id":"https:\/\/seeco.es\/curso-ecografia\/ii-curso-hibrido-de-ecografia-facial-cosmetica\/#breadcrumb","itemListElement":[{"@type":"ListItem","position":1,"name":"Portada","item":"https:\/\/seeco.es\/seeco\/"},{"@type":"ListItem","position":2,"name":"Tienda","item":"https:\/\/seeco.es\/en\/tienda\/"},{"@type":"ListItem","position":3,"name":"II Curso H\u00edbrido de Ecograf\u00eda Facial Cosm\u00e9tica"}]},{"@type":"WebSite","@id":"https:\/\/seeco.es\/#website","url":"https:\/\/seeco.es\/","name":"SEECO","description":"Spanish Society of Ultrasound","potentialAction":[{"@type":"SearchAction","target":{"@type":"EntryPoint","urlTemplate":"https:\/\/seeco.es\/?s={search_term_string}"},"query-input":{"@type":"PropertyValueSpecification","valueRequired":true,"valueName":"search_term_string"}}],"inLanguage":"en-GB"}]}},"_links":{"self":[{"href":"https:\/\/seeco.es\/en\/wp-json\/wp\/v2\/product\/3514","targetHints":{"allow":["GET"]}}],"collection":[{"href":"https:\/\/seeco.es\/en\/wp-json\/wp\/v2\/product"}],"about":[{"href":"https:\/\/seeco.es\/en\/wp-json\/wp\/v2\/types\/product"}],"wp:featuredmedia":[{"embeddable":true,"href":"https:\/\/seeco.es\/en\/wp-json\/wp\/v2\/media\/3345"}],"wp:attachment":[{"href":"https:\/\/seeco.es\/en\/wp-json\/wp\/v2\/media?parent=3514"}],"wp:term":[{"taxonomy":"product_brand","embeddable":true,"href":"https:\/\/seeco.es\/en\/wp-json\/wp\/v2\/product_brand?post=3514"},{"taxonomy":"product_cat","embeddable":true,"href":"https:\/\/seeco.es\/en\/wp-json\/wp\/v2\/product_cat?post=3514"},{"taxonomy":"product_tag","embeddable":true,"href":"https:\/\/seeco.es\/en\/wp-json\/wp\/v2\/product_tag?post=3514"}],"curies":[{"name":"wp","href":"https:\/\/api.w.org\/{rel}","templated":true}]}}