{"id":1805,"date":"2022-06-01T11:19:17","date_gmt":"2022-06-01T11:19:17","guid":{"rendered":"https:\/\/seeco.es\/?post_type=product&#038;p=1805"},"modified":"2022-06-01T12:27:27","modified_gmt":"2022-06-01T12:27:27","slug":"i-webinar-ecografia-pediatrica-a-traves-de-casos-clinicos","status":"publish","type":"product","link":"https:\/\/seeco.es\/en\/curso-ecografia\/i-webinar-ecografia-pediatrica-a-traves-de-casos-clinicos\/","title":{"rendered":"I Webinar on Pediatric Ultrasound through clinical cases"},"content":{"rendered":"<h2 class=\"tribe-events-single-event-title summary entry-title\" style=\"text-align: center;\">I Webinar on Pediatric Ultrasound through clinical cases<\/h2>\n<p style=\"text-align: center;\">Issued on April 23, 2021<\/p>\n<p style=\"text-align: center;\"><strong>OPEN REGISTRATIONS<\/strong><\/p>\n<h3 style=\"text-align: center;\"><del>Price: 36,30\u20ac<\/del><\/h3>\n<h3 style=\"text-align: center;\">Offer: 29\u20ac<\/h3>\n<p style=\"text-align: center;\"><strong>IMPORTANT:<\/strong><\/p>\n<p style=\"text-align: center;\"><strong>When purchasing the Webinar, we will contact you to provide you with the access data to the Webinar.<\/strong><\/p>\n<p><strong>PROGRAM:<\/strong><\/p>\n<div class=\"page\" title=\"Page 1\">\n<div class=\"layoutArea\">\n<div class=\"column\">\n<ul>\n<li>Clinical Cases of Abdominal Ultrasound.<\/li>\n<li>Transfontanelar Brain Ultrasound. Clinical Cases.<\/li>\n<li>Hip and Musculoskeletal Ultrasound. Clinical Cases.<\/li>\n<li>Clinical Cases of Pulmonary Ultrasound. Functional Ultrasound.<\/li>\n<li>Miscellany.<\/li>\n<\/ul>\n<\/div>\n<\/div>\n<\/div>\n<p><strong>FACULTY:<\/strong><\/p>\n<div title=\"Page 1\">\n<div class=\"page\" title=\"Page 1\">\n<div class=\"layoutArea\">\n<div class=\"column\">\n<p><strong>Dr. Luis Ortiz Gonzalez<\/strong><\/p>\n<p>Pediatrician. Dr. Luis Ortiz Pediatric Clinic.<br \/>\nDepartment of Biomedical Sciences. Faculty of Medicine. University of Extremadura.<\/p>\n<\/div>\n<\/div>\n<\/div>\n<\/div>\n<p><img loading=\"lazy\" decoding=\"async\" class=\"aligncenter wp-image-1798 size-full\" title=\"III COURSE ON APPLIED ULTRASOUND IN OCCUPATIONAL MEDICINE (UPPER LIMB)\" src=\"https:\/\/seeco.es\/wp-content\/uploads\/2022\/06\/04-WebinarPediatria21-500x500-1.jpg\" alt=\"I WEBINAR ECOGRAF\u00cdA PEDI\u00c1TRICA A TRAV\u00c9S DE CASOS CL\u00cdNICOS\" width=\"500\" height=\"500\" srcset=\"https:\/\/seeco.es\/wp-content\/uploads\/2022\/06\/04-WebinarPediatria21-500x500-1.jpg 500w, https:\/\/seeco.es\/wp-content\/uploads\/2022\/06\/04-WebinarPediatria21-500x500-1-300x300.jpg 300w, https:\/\/seeco.es\/wp-content\/uploads\/2022\/06\/04-WebinarPediatria21-500x500-1-100x100.jpg 100w, https:\/\/seeco.es\/wp-content\/uploads\/2022\/06\/04-WebinarPediatria21-500x500-1-80x80.jpg 80w, https:\/\/seeco.es\/wp-content\/uploads\/2022\/06\/04-WebinarPediatria21-500x500-1-36x36.jpg 36w, https:\/\/seeco.es\/wp-content\/uploads\/2022\/06\/04-WebinarPediatria21-500x500-1-180x180.jpg 180w\" sizes=\"auto, (max-width: 500px) 100vw, 500px\" \/><\/p>\n<p style=\"text-align: center;\"><strong>IMPORTANT:<\/strong><\/p>\n<p style=\"text-align: center;\"><strong>When purchasing the Webinar, we will contact you to provide you with the access data to the Webinar.<\/strong><\/p>\n<h2 style=\"text-align: center;\"><strong><span style=\"color: #3366ff;\">MORE INFORMATION OF INTEREST<\/span><\/strong><\/h2>\n<p style=\"text-align: center;\"><strong>Technical Secretariat of the Course<\/strong>:<br \/>\nTel.: +34 616 97 26 60, Pedro Roman<br \/>\n<a href=\"mailto:seeco@encuentrosprofesionales.com\">seeco@encuentrosprofesionales.com <\/a><\/p>\n<p>&nbsp;<\/p>","protected":false},"excerpt":{"rendered":"<p>I Webinar Ecograf\u00eda Pedi\u00e1trica a trav\u00e9s de casos cl\u00ednicos Emitido el pasado 23 de abril de 2021 INSCRIPCIONES ABIERTAS Precio: 36,30\u20ac Oferta: 29\u20ac IMPORTANTE: Al realizar la compra del Webinar, nos pondremos en contacto contigo para facilitarte los datos de acceso al Webinar PROGRAMA: Casos Cli\u0301nicos de Ecografi\u0301a Abdominal. Ecografi\u0301a Cerebral Transfontanelar. Casos Cli\u0301nicos. Ecografi\u0301a [&hellip;]<\/p>\n","protected":false},"featured_media":1798,"template":"","meta":[],"product_brand":[],"product_cat":[54],"product_tag":[],"class_list":{"0":"post-1805","1":"product","2":"type-product","3":"status-publish","4":"has-post-thumbnail","6":"product_cat-webinar-ecografia","8":"first","9":"instock","10":"sale","11":"virtual","12":"sold-individually","13":"taxable","14":"purchasable","15":"product-type-simple"},"yoast_head":"<!-- This site is optimized with the Yoast SEO plugin v27.5 - https:\/\/yoast.com\/product\/yoast-seo-wordpress\/ -->\n<title>Webinar Ecograf\u00eda Pedi\u00e1trica a trav\u00e9s de casos cl\u00ednicos<\/title>\n<meta name=\"description\" content=\"Webinar Ecograf\u00eda Pedi\u00e1trica a trav\u00e9s de casos cl\u00ednicos, organizado por SEECO (Sociedad Espa\u00f1ola de Ecograf\u00eda). Te lo vas a perder !!!\" \/>\n<meta name=\"robots\" content=\"index, follow, max-snippet:-1, max-image-preview:large, max-video-preview:-1\" \/>\n<link rel=\"canonical\" href=\"https:\/\/seeco.es\/en\/curso-ecografia\/i-webinar-ecografia-pediatrica-a-traves-de-casos-clinicos\/\" \/>\n<meta property=\"og:locale\" content=\"en_GB\" \/>\n<meta property=\"og:type\" content=\"article\" \/>\n<meta property=\"og:title\" content=\"Webinar Ecograf\u00eda Pedi\u00e1trica a trav\u00e9s de casos cl\u00ednicos\" \/>\n<meta property=\"og:description\" content=\"Webinar Ecograf\u00eda Pedi\u00e1trica a trav\u00e9s de casos cl\u00ednicos, organizado por SEECO (Sociedad Espa\u00f1ola de Ecograf\u00eda). Te lo vas a perder !!!\" \/>\n<meta property=\"og:url\" content=\"https:\/\/seeco.es\/en\/curso-ecografia\/i-webinar-ecografia-pediatrica-a-traves-de-casos-clinicos\/\" \/>\n<meta property=\"og:site_name\" content=\"SEECO\" \/>\n<meta property=\"article:modified_time\" content=\"2022-06-01T12:27:27+00:00\" \/>\n<meta property=\"og:image\" content=\"https:\/\/seeco.es\/wp-content\/uploads\/2022\/06\/04-WebinarPediatria21-500x500-1.jpg\" \/>\n\t<meta property=\"og:image:width\" content=\"500\" \/>\n\t<meta property=\"og:image:height\" content=\"500\" \/>\n\t<meta property=\"og:image:type\" content=\"image\/jpeg\" \/>\n<meta name=\"twitter:card\" content=\"summary_large_image\" \/>\n<meta name=\"twitter:label1\" content=\"Estimated reading time\" \/>\n\t<meta name=\"twitter:data1\" content=\"1 minute\" \/>\n<script type=\"application\/ld+json\" class=\"yoast-schema-graph\">{\"@context\":\"https:\\\/\\\/schema.org\",\"@graph\":[{\"@type\":\"WebPage\",\"@id\":\"https:\\\/\\\/seeco.es\\\/curso-ecografia\\\/i-webinar-ecografia-pediatrica-a-traves-de-casos-clinicos\\\/\",\"url\":\"https:\\\/\\\/seeco.es\\\/curso-ecografia\\\/i-webinar-ecografia-pediatrica-a-traves-de-casos-clinicos\\\/\",\"name\":\"Webinar Ecograf\u00eda Pedi\u00e1trica a trav\u00e9s de casos cl\u00ednicos\",\"isPartOf\":{\"@id\":\"https:\\\/\\\/seeco.es\\\/#website\"},\"primaryImageOfPage\":{\"@id\":\"https:\\\/\\\/seeco.es\\\/curso-ecografia\\\/i-webinar-ecografia-pediatrica-a-traves-de-casos-clinicos\\\/#primaryimage\"},\"image\":{\"@id\":\"https:\\\/\\\/seeco.es\\\/curso-ecografia\\\/i-webinar-ecografia-pediatrica-a-traves-de-casos-clinicos\\\/#primaryimage\"},\"thumbnailUrl\":\"https:\\\/\\\/seeco.es\\\/wp-content\\\/uploads\\\/2022\\\/06\\\/04-WebinarPediatria21-500x500-1.jpg\",\"datePublished\":\"2022-06-01T11:19:17+00:00\",\"dateModified\":\"2022-06-01T12:27:27+00:00\",\"description\":\"Webinar Ecograf\u00eda Pedi\u00e1trica a trav\u00e9s de casos cl\u00ednicos, organizado por SEECO (Sociedad Espa\u00f1ola de Ecograf\u00eda). Te lo vas a perder !!!\",\"breadcrumb\":{\"@id\":\"https:\\\/\\\/seeco.es\\\/curso-ecografia\\\/i-webinar-ecografia-pediatrica-a-traves-de-casos-clinicos\\\/#breadcrumb\"},\"inLanguage\":\"en-GB\",\"potentialAction\":[{\"@type\":\"ReadAction\",\"target\":[\"https:\\\/\\\/seeco.es\\\/curso-ecografia\\\/i-webinar-ecografia-pediatrica-a-traves-de-casos-clinicos\\\/\"]}]},{\"@type\":\"ImageObject\",\"inLanguage\":\"en-GB\",\"@id\":\"https:\\\/\\\/seeco.es\\\/curso-ecografia\\\/i-webinar-ecografia-pediatrica-a-traves-de-casos-clinicos\\\/#primaryimage\",\"url\":\"https:\\\/\\\/seeco.es\\\/wp-content\\\/uploads\\\/2022\\\/06\\\/04-WebinarPediatria21-500x500-1.jpg\",\"contentUrl\":\"https:\\\/\\\/seeco.es\\\/wp-content\\\/uploads\\\/2022\\\/06\\\/04-WebinarPediatria21-500x500-1.jpg\",\"width\":500,\"height\":500,\"caption\":\"I WEBINAR ECOGRAF\u00cdA PEDI\u00c1TRICA A TRAV\u00c9S DE CASOS CL\u00cdNICOS\"},{\"@type\":\"BreadcrumbList\",\"@id\":\"https:\\\/\\\/seeco.es\\\/curso-ecografia\\\/i-webinar-ecografia-pediatrica-a-traves-de-casos-clinicos\\\/#breadcrumb\",\"itemListElement\":[{\"@type\":\"ListItem\",\"position\":1,\"name\":\"Portada\",\"item\":\"https:\\\/\\\/seeco.es\\\/seeco\\\/\"},{\"@type\":\"ListItem\",\"position\":2,\"name\":\"Tienda\",\"item\":\"https:\\\/\\\/seeco.es\\\/en\\\/tienda\\\/\"},{\"@type\":\"ListItem\",\"position\":3,\"name\":\"I Webinar Ecograf\u00eda Pedi\u00e1trica a trav\u00e9s de casos cl\u00ednicos\"}]},{\"@type\":\"WebSite\",\"@id\":\"https:\\\/\\\/seeco.es\\\/#website\",\"url\":\"https:\\\/\\\/seeco.es\\\/\",\"name\":\"SEECO\",\"description\":\"Sociedad Espa\u00f1ola de Ecograf\u00eda\",\"potentialAction\":[{\"@type\":\"SearchAction\",\"target\":{\"@type\":\"EntryPoint\",\"urlTemplate\":\"https:\\\/\\\/seeco.es\\\/?s={search_term_string}\"},\"query-input\":{\"@type\":\"PropertyValueSpecification\",\"valueRequired\":true,\"valueName\":\"search_term_string\"}}],\"inLanguage\":\"en-GB\"}]}<\/script>\n<!-- \/ Yoast SEO plugin. -->","yoast_head_json":{"title":"Pediatric Ultrasound Webinar through clinical cases","description":"Webinar on Pediatric Ultrasound through clinical cases, organized by SEECO (Spanish Society of Ultrasound). You&#039;re going to miss it!!!","robots":{"index":"index","follow":"follow","max-snippet":"max-snippet:-1","max-image-preview":"max-image-preview:large","max-video-preview":"max-video-preview:-1"},"canonical":"https:\/\/seeco.es\/en\/curso-ecografia\/i-webinar-ecografia-pediatrica-a-traves-de-casos-clinicos\/","og_locale":"en_GB","og_type":"article","og_title":"Webinar Ecograf\u00eda Pedi\u00e1trica a trav\u00e9s de casos cl\u00ednicos","og_description":"Webinar Ecograf\u00eda Pedi\u00e1trica a trav\u00e9s de casos cl\u00ednicos, organizado por SEECO (Sociedad Espa\u00f1ola de Ecograf\u00eda). Te lo vas a perder !!!","og_url":"https:\/\/seeco.es\/en\/curso-ecografia\/i-webinar-ecografia-pediatrica-a-traves-de-casos-clinicos\/","og_site_name":"SEECO","article_modified_time":"2022-06-01T12:27:27+00:00","og_image":[{"width":500,"height":500,"url":"https:\/\/seeco.es\/wp-content\/uploads\/2022\/06\/04-WebinarPediatria21-500x500-1.jpg","type":"image\/jpeg"}],"twitter_card":"summary_large_image","twitter_misc":{"Estimated reading time":"1 minute"},"schema":{"@context":"https:\/\/schema.org","@graph":[{"@type":"WebPage","@id":"https:\/\/seeco.es\/curso-ecografia\/i-webinar-ecografia-pediatrica-a-traves-de-casos-clinicos\/","url":"https:\/\/seeco.es\/curso-ecografia\/i-webinar-ecografia-pediatrica-a-traves-de-casos-clinicos\/","name":"Pediatric Ultrasound Webinar through clinical cases","isPartOf":{"@id":"https:\/\/seeco.es\/#website"},"primaryImageOfPage":{"@id":"https:\/\/seeco.es\/curso-ecografia\/i-webinar-ecografia-pediatrica-a-traves-de-casos-clinicos\/#primaryimage"},"image":{"@id":"https:\/\/seeco.es\/curso-ecografia\/i-webinar-ecografia-pediatrica-a-traves-de-casos-clinicos\/#primaryimage"},"thumbnailUrl":"https:\/\/seeco.es\/wp-content\/uploads\/2022\/06\/04-WebinarPediatria21-500x500-1.jpg","datePublished":"2022-06-01T11:19:17+00:00","dateModified":"2022-06-01T12:27:27+00:00","description":"Webinar on Pediatric Ultrasound through clinical cases, organized by SEECO (Spanish Society of Ultrasound). You&#039;re going to miss it!!!","breadcrumb":{"@id":"https:\/\/seeco.es\/curso-ecografia\/i-webinar-ecografia-pediatrica-a-traves-de-casos-clinicos\/#breadcrumb"},"inLanguage":"en-GB","potentialAction":[{"@type":"ReadAction","target":["https:\/\/seeco.es\/curso-ecografia\/i-webinar-ecografia-pediatrica-a-traves-de-casos-clinicos\/"]}]},{"@type":"ImageObject","inLanguage":"en-GB","@id":"https:\/\/seeco.es\/curso-ecografia\/i-webinar-ecografia-pediatrica-a-traves-de-casos-clinicos\/#primaryimage","url":"https:\/\/seeco.es\/wp-content\/uploads\/2022\/06\/04-WebinarPediatria21-500x500-1.jpg","contentUrl":"https:\/\/seeco.es\/wp-content\/uploads\/2022\/06\/04-WebinarPediatria21-500x500-1.jpg","width":500,"height":500,"caption":"I WEBINAR ECOGRAF\u00cdA PEDI\u00c1TRICA A TRAV\u00c9S DE CASOS CL\u00cdNICOS"},{"@type":"BreadcrumbList","@id":"https:\/\/seeco.es\/curso-ecografia\/i-webinar-ecografia-pediatrica-a-traves-de-casos-clinicos\/#breadcrumb","itemListElement":[{"@type":"ListItem","position":1,"name":"Portada","item":"https:\/\/seeco.es\/seeco\/"},{"@type":"ListItem","position":2,"name":"Tienda","item":"https:\/\/seeco.es\/en\/tienda\/"},{"@type":"ListItem","position":3,"name":"I Webinar Ecograf\u00eda Pedi\u00e1trica a trav\u00e9s de casos cl\u00ednicos"}]},{"@type":"WebSite","@id":"https:\/\/seeco.es\/#website","url":"https:\/\/seeco.es\/","name":"SEECO","description":"Spanish Society of Ultrasound","potentialAction":[{"@type":"SearchAction","target":{"@type":"EntryPoint","urlTemplate":"https:\/\/seeco.es\/?s={search_term_string}"},"query-input":{"@type":"PropertyValueSpecification","valueRequired":true,"valueName":"search_term_string"}}],"inLanguage":"en-GB"}]}},"_links":{"self":[{"href":"https:\/\/seeco.es\/en\/wp-json\/wp\/v2\/product\/1805","targetHints":{"allow":["GET"]}}],"collection":[{"href":"https:\/\/seeco.es\/en\/wp-json\/wp\/v2\/product"}],"about":[{"href":"https:\/\/seeco.es\/en\/wp-json\/wp\/v2\/types\/product"}],"wp:featuredmedia":[{"embeddable":true,"href":"https:\/\/seeco.es\/en\/wp-json\/wp\/v2\/media\/1798"}],"wp:attachment":[{"href":"https:\/\/seeco.es\/en\/wp-json\/wp\/v2\/media?parent=1805"}],"wp:term":[{"taxonomy":"product_brand","embeddable":true,"href":"https:\/\/seeco.es\/en\/wp-json\/wp\/v2\/product_brand?post=1805"},{"taxonomy":"product_cat","embeddable":true,"href":"https:\/\/seeco.es\/en\/wp-json\/wp\/v2\/product_cat?post=1805"},{"taxonomy":"product_tag","embeddable":true,"href":"https:\/\/seeco.es\/en\/wp-json\/wp\/v2\/product_tag?post=1805"}],"curies":[{"name":"wp","href":"https:\/\/api.w.org\/{rel}","templated":true}]}}