{"id":1884,"date":"2022-10-21T17:24:33","date_gmt":"2022-10-21T17:24:33","guid":{"rendered":"https:\/\/seeco.es\/?page_id=1884"},"modified":"2025-09-17T06:54:34","modified_gmt":"2025-09-17T06:54:34","slug":"xxx-aniversario-de-la-creacion-de-la-sociedad-espanola-de-ecografia","status":"publish","type":"page","link":"https:\/\/seeco.es\/en\/xxx-aniversario-de-la-creacion-de-la-sociedad-espanola-de-ecografia\/","title":{"rendered":"XXX Anniversary of the creation of the Spanish Society of Ultrasound"},"content":{"rendered":"<style type=\"text\/css\" data-created_by=\"avia_inline_auto\" id=\"style-css-av-l9ir7ew8-858817947ecc7b49bda5b998e611ebb4\">\n#top .av-special-heading.av-l9ir7ew8-858817947ecc7b49bda5b998e611ebb4{\npadding-bottom:10px;\n}\nbody .av-special-heading.av-l9ir7ew8-858817947ecc7b49bda5b998e611ebb4 .av-special-heading-tag .heading-char{\nfont-size:25px;\n}\n.av-special-heading.av-l9ir7ew8-858817947ecc7b49bda5b998e611ebb4 .av-subheading{\nfont-size:15px;\n}\n<\/style>\n<div  class='av-special-heading av-l9ir7ew8-858817947ecc7b49bda5b998e611ebb4 av-special-heading-h2 blockquote modern-quote modern-centered  avia-builder-el-0  el_before_av_one_fourth  avia-builder-el-first'><h2 class='av-special-heading-tag'  itemprop=\"headline\"  >XXX Anniversary of the creation of the Spanish Society of Ultrasound<\/h2><div class=\"special-heading-border\"><div class=\"special-heading-inner-border\"><\/div><\/div><\/div>\n<div  class='flex_column av-5d824c-ed8a8f1019aae06fe728065426053588 av_one_fourth  avia-builder-el-1  el_after_av_heading  el_before_av_one_half  first flex_column_div'     ><\/div>\n<div  class='flex_column av-47wkqk-177b2ae84ee66c5da108884331082923 av_one_half  avia-builder-el-2  el_after_av_one_fourth  el_before_av_one_fourth  flex_column_div'     ><style type=\"text\/css\" data-created_by=\"avia_inline_auto\" id=\"style-css-av-l9ir8028-4dbfdc2e0d9ba545d07942ea3c9e437d\">\n.avia-image-container.av-l9ir8028-4dbfdc2e0d9ba545d07942ea3c9e437d img.avia_image{\n-webkit-box-shadow:none;\n-moz-box-shadow:none;\nbox-shadow:none;\n}\n.avia-image-container.av-l9ir8028-4dbfdc2e0d9ba545d07942ea3c9e437d .av-image-caption-overlay-center{\ncolor:#ffffff;\n}\n<\/style>\n<div  class='avia-image-container av-l9ir8028-4dbfdc2e0d9ba545d07942ea3c9e437d av-styling- avia-align-center  avia-builder-el-3  avia-builder-el-no-sibling'   itemprop=\"image\" itemscope=\"itemscope\" itemtype=\"https:\/\/schema.org\/ImageObject\" ><div class=\"avia-image-container-inner\"><div class=\"avia-image-overlay-wrap\"><img decoding=\"async\" fetchpriority=\"high\" class='wp-image-1880 avia-img-lazy-loading-not-1880 avia_image' src=\"https:\/\/seeco.es\/wp-content\/uploads\/2022\/10\/04-XXXAniversarioFilete1-1030x267.png\" alt='Aniversario de la creaci\u00f3n de la Sociedad Espa\u00f1ola de Ecograf\u00eda' title='Anniversary of the creation of the Spanish Society of Ultrasound'  height=\"267\" width=\"1030\"  itemprop=\"thumbnailUrl\" srcset=\"https:\/\/seeco.es\/wp-content\/uploads\/2022\/10\/04-XXXAniversarioFilete1-1030x267.png 1030w, https:\/\/seeco.es\/wp-content\/uploads\/2022\/10\/04-XXXAniversarioFilete1-600x156.png 600w, https:\/\/seeco.es\/wp-content\/uploads\/2022\/10\/04-XXXAniversarioFilete1-300x78.png 300w, https:\/\/seeco.es\/wp-content\/uploads\/2022\/10\/04-XXXAniversarioFilete1-768x199.png 768w, https:\/\/seeco.es\/wp-content\/uploads\/2022\/10\/04-XXXAniversarioFilete1-1536x398.png 1536w, https:\/\/seeco.es\/wp-content\/uploads\/2022\/10\/04-XXXAniversarioFilete1-1500x389.png 1500w, https:\/\/seeco.es\/wp-content\/uploads\/2022\/10\/04-XXXAniversarioFilete1-705x183.png 705w, https:\/\/seeco.es\/wp-content\/uploads\/2022\/10\/04-XXXAniversarioFilete1-450x117.png 450w, https:\/\/seeco.es\/wp-content\/uploads\/2022\/10\/04-XXXAniversarioFilete1.png 1558w\" sizes=\"(max-width: 1030px) 100vw, 1030px\" \/><\/div><\/div><\/div><\/div>\n<div  class='flex_column av-8zgz0-fbdee36f8bf61f487eddcde44049f269 av_one_fourth  avia-builder-el-4  el_after_av_one_half  el_before_av_hr  flex_column_div'     ><\/div>\n\n<style type=\"text\/css\" data-created_by=\"avia_inline_auto\" id=\"style-css-av-l9ir949e-4f40c902f8b3c88c7b280f31af3f4d1a\">\n#top .hr.hr-invisible.av-l9ir949e-4f40c902f8b3c88c7b280f31af3f4d1a{\nheight:50px;\n}\n<\/style>\n<div  class='hr av-l9ir949e-4f40c902f8b3c88c7b280f31af3f4d1a hr-invisible  avia-builder-el-5  el_after_av_one_fourth  el_before_av_one_third'><span class='hr-inner'><span class=\"hr-inner-style\"><\/span><\/span><\/div>\n<div  class='flex_column av-4ji3lo-63270609ab1e3fed591f2c2263c96205 av_one_third  avia-builder-el-6  el_after_av_hr  el_before_av_one_third  first flex_column_div'     ><p>\n<style type=\"text\/css\" data-created_by=\"avia_inline_auto\" id=\"style-css-av-30dczg-be5d8184905eebfeb385f84d17b0b08c\">\n.avia-image-container.av-30dczg-be5d8184905eebfeb385f84d17b0b08c img.avia_image{\n-webkit-box-shadow:none;\n-moz-box-shadow:none;\nbox-shadow:none;\n}\n.avia-image-container.av-30dczg-be5d8184905eebfeb385f84d17b0b08c .av-image-caption-overlay-center{\ncolor:#ffffff;\n}\n<\/style>\n<div  class='avia-image-container av-30dczg-be5d8184905eebfeb385f84d17b0b08c av-styling- av-img-linked avia-align-center  avia-builder-el-7  el_before_av_textblock  avia-builder-el-first'   itemprop=\"image\" itemscope=\"itemscope\" itemtype=\"https:\/\/schema.org\/ImageObject\" ><div class=\"avia-image-container-inner\"><div class=\"avia-image-overlay-wrap\"><a href=\"https:\/\/vimeo.com\/manage\/videos\/759032866\" class='avia_image'  target=\"_blank\"  rel=\"noopener noreferrer\" aria-label='Fernando Jimenez'><img decoding=\"async\" fetchpriority=\"high\" class='wp-image-1899 avia-img-lazy-loading-not-1899 avia_image' src=\"https:\/\/seeco.es\/wp-content\/uploads\/2022\/10\/Fernando-Jimenez.jpg\" alt='Fernando-Jimenez' title='Fernando Jimenez'  height=\"283\" width=\"500\"  itemprop=\"thumbnailUrl\" srcset=\"https:\/\/seeco.es\/wp-content\/uploads\/2022\/10\/Fernando-Jimenez.jpg 500w, https:\/\/seeco.es\/wp-content\/uploads\/2022\/10\/Fernando-Jimenez-300x170.jpg 300w, https:\/\/seeco.es\/wp-content\/uploads\/2022\/10\/Fernando-Jimenez-450x255.jpg 450w\" sizes=\"(max-width: 500px) 100vw, 500px\" \/><\/a><\/div><\/div><\/div><br \/>\n<section  class='av_textblock_section av-l9is766a-28a327456878ce74d22f11be730fd4d9'   itemscope=\"itemscope\" itemtype=\"https:\/\/schema.org\/CreativeWork\" ><div class='avia_textblock'  itemprop=\"text\" ><p style=\"text-align: center;\"><strong>Fernando Jimenez<\/strong><\/p>\n<\/div><\/section><\/p><\/div>\n<div  class='flex_column av-aiy0kc-ba215bca9790fd8c670df4ad7b01731d av_one_third  avia-builder-el-9  el_after_av_one_third  el_before_av_one_third  flex_column_div'     ><p>\n<style type=\"text\/css\" data-created_by=\"avia_inline_auto\" id=\"style-css-av-l9is9iws-8988d0bb321d6e89a317ecdbfea883e6\">\n.avia-image-container.av-l9is9iws-8988d0bb321d6e89a317ecdbfea883e6 img.avia_image{\n-webkit-box-shadow:none;\n-moz-box-shadow:none;\nbox-shadow:none;\n}\n.avia-image-container.av-l9is9iws-8988d0bb321d6e89a317ecdbfea883e6 .av-image-caption-overlay-center{\ncolor:#ffffff;\n}\n<\/style>\n<div  class='avia-image-container av-l9is9iws-8988d0bb321d6e89a317ecdbfea883e6 av-styling- av-img-linked avia-align-center  avia-builder-el-10  el_before_av_textblock  avia-builder-el-first'   itemprop=\"image\" itemscope=\"itemscope\" itemtype=\"https:\/\/schema.org\/ImageObject\" ><div class=\"avia-image-container-inner\"><div class=\"avia-image-overlay-wrap\"><a href=\"https:\/\/vimeo.com\/manage\/videos\/759035126\" class='avia_image'  target=\"_blank\"  rel=\"noopener noreferrer\" aria-label='Ricardo Aguilo'><img decoding=\"async\" fetchpriority=\"high\" class='wp-image-1896 avia-img-lazy-loading-not-1896 avia_image' src=\"https:\/\/seeco.es\/wp-content\/uploads\/2022\/10\/Ricardo-Aguilo.jpg\" alt='' title='Ricardo Aguilo'  height=\"283\" width=\"500\"  itemprop=\"thumbnailUrl\" srcset=\"https:\/\/seeco.es\/wp-content\/uploads\/2022\/10\/Ricardo-Aguilo.jpg 500w, https:\/\/seeco.es\/wp-content\/uploads\/2022\/10\/Ricardo-Aguilo-300x170.jpg 300w, https:\/\/seeco.es\/wp-content\/uploads\/2022\/10\/Ricardo-Aguilo-450x255.jpg 450w\" sizes=\"(max-width: 500px) 100vw, 500px\" \/><\/a><\/div><\/div><\/div><br \/>\n<section  class='av_textblock_section av-l9is9tgc-3035ebbe879c3ef875c001aa00b78527'   itemscope=\"itemscope\" itemtype=\"https:\/\/schema.org\/CreativeWork\" ><div class='avia_textblock'  itemprop=\"text\" ><p style=\"text-align: center;\"><strong>Ricardo Aguilo<\/strong><\/p>\n<\/div><\/section><\/p><\/div>\n<div  class='flex_column av-9l3ito-ffea0063157386bc2e6f622fce99d4aa av_one_third  avia-builder-el-12  el_after_av_one_third  el_before_av_one_third  flex_column_div'     ><p>\n<style type=\"text\/css\" data-created_by=\"avia_inline_auto\" id=\"style-css-av-l9iscauw-e104ef3aa82ef6eb10bd65ffa9e21e54\">\n.avia-image-container.av-l9iscauw-e104ef3aa82ef6eb10bd65ffa9e21e54 img.avia_image{\n-webkit-box-shadow:none;\n-moz-box-shadow:none;\nbox-shadow:none;\n}\n.avia-image-container.av-l9iscauw-e104ef3aa82ef6eb10bd65ffa9e21e54 .av-image-caption-overlay-center{\ncolor:#ffffff;\n}\n<\/style>\n<div  class='avia-image-container av-l9iscauw-e104ef3aa82ef6eb10bd65ffa9e21e54 av-styling- av-img-linked avia-align-center  avia-builder-el-13  el_before_av_textblock  avia-builder-el-first'   itemprop=\"image\" itemscope=\"itemscope\" itemtype=\"https:\/\/schema.org\/ImageObject\" ><div class=\"avia-image-container-inner\"><div class=\"avia-image-overlay-wrap\"><a href=\"https:\/\/vimeo.com\/manage\/videos\/759022956\" class='avia_image'  target=\"_blank\"  rel=\"noopener noreferrer\" aria-label='Fernando Alfageme'><img decoding=\"async\" fetchpriority=\"high\" class='wp-image-1900 avia-img-lazy-loading-not-1900 avia_image' src=\"https:\/\/seeco.es\/wp-content\/uploads\/2022\/10\/Fernando-Alfageme.jpg\" alt='' title='Fernando Alfageme'  height=\"283\" width=\"500\"  itemprop=\"thumbnailUrl\" srcset=\"https:\/\/seeco.es\/wp-content\/uploads\/2022\/10\/Fernando-Alfageme.jpg 500w, https:\/\/seeco.es\/wp-content\/uploads\/2022\/10\/Fernando-Alfageme-300x170.jpg 300w, https:\/\/seeco.es\/wp-content\/uploads\/2022\/10\/Fernando-Alfageme-450x255.jpg 450w\" sizes=\"(max-width: 500px) 100vw, 500px\" \/><\/a><\/div><\/div><\/div><br \/>\n<section  class='av_textblock_section av-l9isczly-ee7fdad825bdae1f731114627f2bca46'   itemscope=\"itemscope\" itemtype=\"https:\/\/schema.org\/CreativeWork\" ><div class='avia_textblock'  itemprop=\"text\" ><p style=\"text-align: center;\"><strong>Fernando Alfageme<\/strong><\/p>\n<\/div><\/section><\/p><\/div>\n<div  class='flex_column av-7cii3g-9ab9166589cdda3372f694f67dbe32df av_one_third  avia-builder-el-15  el_after_av_one_third  el_before_av_one_third  first flex_column_div  column-top-margin'     ><p>\n<style type=\"text\/css\" data-created_by=\"avia_inline_auto\" id=\"style-css-av-l9ise8is-f0737b1b059900abdf79db3cf711b849\">\n.avia-image-container.av-l9ise8is-f0737b1b059900abdf79db3cf711b849 img.avia_image{\n-webkit-box-shadow:none;\n-moz-box-shadow:none;\nbox-shadow:none;\n}\n.avia-image-container.av-l9ise8is-f0737b1b059900abdf79db3cf711b849 .av-image-caption-overlay-center{\ncolor:#ffffff;\n}\n<\/style>\n<div  class='avia-image-container av-l9ise8is-f0737b1b059900abdf79db3cf711b849 av-styling- av-img-linked avia-align-center  avia-builder-el-16  el_before_av_textblock  avia-builder-el-first'   itemprop=\"image\" itemscope=\"itemscope\" itemtype=\"https:\/\/schema.org\/ImageObject\" ><div class=\"avia-image-container-inner\"><div class=\"avia-image-overlay-wrap\"><a href=\"https:\/\/vimeo.com\/manage\/videos\/759028911\" class='avia_image'  target=\"_blank\"  rel=\"noopener noreferrer\" aria-label='Javier Ferreira'><img decoding=\"async\" fetchpriority=\"high\" class='wp-image-1898 avia-img-lazy-loading-not-1898 avia_image' src=\"https:\/\/seeco.es\/wp-content\/uploads\/2022\/10\/Javier-Ferreira.jpg\" alt='' title='Javier Ferreira'  height=\"283\" width=\"500\"  itemprop=\"thumbnailUrl\" srcset=\"https:\/\/seeco.es\/wp-content\/uploads\/2022\/10\/Javier-Ferreira.jpg 500w, https:\/\/seeco.es\/wp-content\/uploads\/2022\/10\/Javier-Ferreira-300x170.jpg 300w, https:\/\/seeco.es\/wp-content\/uploads\/2022\/10\/Javier-Ferreira-450x255.jpg 450w\" sizes=\"(max-width: 500px) 100vw, 500px\" \/><\/a><\/div><\/div><\/div><br \/>\n<section  class='av_textblock_section av-l9iseixm-6d7fd870d05b974f86e815b6d45f708d'   itemscope=\"itemscope\" itemtype=\"https:\/\/schema.org\/CreativeWork\" ><div class='avia_textblock'  itemprop=\"text\" ><p style=\"text-align: center;\"><strong>Javier Ferreira<\/strong><\/p>\n<\/div><\/section><\/p><\/div>\n<div  class='flex_column av-6281t8-a6fa3e52e04a3deb3ace691dd69e73d2 av_one_third  avia-builder-el-18  el_after_av_one_third  el_before_av_one_third  flex_column_div  column-top-margin'     ><p>\n<style type=\"text\/css\" data-created_by=\"avia_inline_auto\" id=\"style-css-av-l9isfdfy-a91aea0d58978fcf6fa8a08b97f8d271\">\n.avia-image-container.av-l9isfdfy-a91aea0d58978fcf6fa8a08b97f8d271 img.avia_image{\n-webkit-box-shadow:none;\n-moz-box-shadow:none;\nbox-shadow:none;\n}\n.avia-image-container.av-l9isfdfy-a91aea0d58978fcf6fa8a08b97f8d271 .av-image-caption-overlay-center{\ncolor:#ffffff;\n}\n<\/style>\n<div  class='avia-image-container av-l9isfdfy-a91aea0d58978fcf6fa8a08b97f8d271 av-styling- av-img-linked avia-align-center  avia-builder-el-19  el_before_av_textblock  avia-builder-el-first'   itemprop=\"image\" itemscope=\"itemscope\" itemtype=\"https:\/\/schema.org\/ImageObject\" ><div class=\"avia-image-container-inner\"><div class=\"avia-image-overlay-wrap\"><a href=\"https:\/\/vimeo.com\/manage\/videos\/760025374\" class='avia_image'  target=\"_blank\"  rel=\"noopener noreferrer\" aria-label='Alfonso Martinez'><img decoding=\"async\" fetchpriority=\"high\" class='wp-image-3465 avia-img-lazy-loading-not-3465 avia_image' src=\"https:\/\/seeco.es\/wp-content\/uploads\/2025\/09\/Alfonso-Martinez.jpg\" alt='Alfonso Mart\u00ednez' title='Alfonso Martinez'  height=\"402\" width=\"710\"  itemprop=\"thumbnailUrl\" srcset=\"https:\/\/seeco.es\/wp-content\/uploads\/2025\/09\/Alfonso-Martinez.jpg 710w, https:\/\/seeco.es\/wp-content\/uploads\/2025\/09\/Alfonso-Martinez-300x170.jpg 300w, https:\/\/seeco.es\/wp-content\/uploads\/2025\/09\/Alfonso-Martinez-18x10.jpg 18w, https:\/\/seeco.es\/wp-content\/uploads\/2025\/09\/Alfonso-Martinez-705x399.jpg 705w, https:\/\/seeco.es\/wp-content\/uploads\/2025\/09\/Alfonso-Martinez-450x255.jpg 450w, https:\/\/seeco.es\/wp-content\/uploads\/2025\/09\/Alfonso-Martinez-600x340.jpg 600w\" sizes=\"(max-width: 710px) 100vw, 710px\" \/><\/a><\/div><\/div><\/div><br \/>\n<section  class='av_textblock_section av-l9isflvg-d15b57b7916f14080defabbe6974af82'   itemscope=\"itemscope\" itemtype=\"https:\/\/schema.org\/CreativeWork\" ><div class='avia_textblock'  itemprop=\"text\" ><p style=\"text-align: center;\"><strong>Alfonso Martinez<\/strong><\/p>\n<\/div><\/section><\/p><\/div>\n<div  class='flex_column av-4unjrg-a7e617fde6db612e09b9f7127f9ca8db av_one_third  avia-builder-el-21  el_after_av_one_third  el_before_av_one_third  flex_column_div  column-top-margin'     ><p>\n<style type=\"text\/css\" data-created_by=\"avia_inline_auto\" id=\"style-css-av-l9isgb18-842af29a3e0d40f37d654bae63fc9b5c\">\n.avia-image-container.av-l9isgb18-842af29a3e0d40f37d654bae63fc9b5c img.avia_image{\n-webkit-box-shadow:none;\n-moz-box-shadow:none;\nbox-shadow:none;\n}\n.avia-image-container.av-l9isgb18-842af29a3e0d40f37d654bae63fc9b5c .av-image-caption-overlay-center{\ncolor:#ffffff;\n}\n<\/style>\n<div  class='avia-image-container av-l9isgb18-842af29a3e0d40f37d654bae63fc9b5c av-styling- av-img-linked avia-align-center  avia-builder-el-22  el_before_av_textblock  avia-builder-el-first'   itemprop=\"image\" itemscope=\"itemscope\" itemtype=\"https:\/\/schema.org\/ImageObject\" ><div class=\"avia-image-container-inner\"><div class=\"avia-image-overlay-wrap\"><a href=\"https:\/\/vimeo.com\/manage\/videos\/759024871\" class='avia_image'  target=\"_blank\"  rel=\"noopener noreferrer\" aria-label='Francisco de Cabo'><img decoding=\"async\" fetchpriority=\"high\" class='wp-image-1901 avia-img-lazy-loading-not-1901 avia_image' src=\"https:\/\/seeco.es\/wp-content\/uploads\/2022\/10\/Francisco-de-Cabo.jpg\" alt='' title='Francisco de Cabo'  height=\"283\" width=\"500\"  itemprop=\"thumbnailUrl\" srcset=\"https:\/\/seeco.es\/wp-content\/uploads\/2022\/10\/Francisco-de-Cabo.jpg 500w, https:\/\/seeco.es\/wp-content\/uploads\/2022\/10\/Francisco-de-Cabo-300x170.jpg 300w, https:\/\/seeco.es\/wp-content\/uploads\/2022\/10\/Francisco-de-Cabo-450x255.jpg 450w\" sizes=\"(max-width: 500px) 100vw, 500px\" \/><\/a><\/div><\/div><\/div><br \/>\n<section  class='av_textblock_section av-l9isgk4y-132dbaab582e9b6205fbcde4e3e4ef75'   itemscope=\"itemscope\" itemtype=\"https:\/\/schema.org\/CreativeWork\" ><div class='avia_textblock'  itemprop=\"text\" ><p style=\"text-align: center;\"><strong>Francisco de Cabo<\/strong><\/p>\n<\/div><\/section><\/p><\/div>\n<div  class='flex_column av-31tvf0-2e145be8a0d659576a867a96df4b1959 av_one_third  avia-builder-el-24  el_after_av_one_third  el_before_av_one_third  first flex_column_div  column-top-margin'     ><\/div><div  class='flex_column av-av_one_third-e38f08a368d22f46ed35f78008f927bf av_one_third  avia-builder-el-25  el_after_av_one_third  el_before_av_one_third  flex_column_div  column-top-margin'     ><p>\n<style type=\"text\/css\" data-created_by=\"avia_inline_auto\" id=\"style-css-av-av_image-771cb0b7e4e9b129372a5118ae8f9d4f\">\n.avia-image-container.av-av_image-771cb0b7e4e9b129372a5118ae8f9d4f img.avia_image{\n-webkit-box-shadow:none;\n-moz-box-shadow:none;\nbox-shadow:none;\n}\n.avia-image-container.av-av_image-771cb0b7e4e9b129372a5118ae8f9d4f .av-image-caption-overlay-center{\ncolor:#ffffff;\n}\n<\/style>\n<div  class='avia-image-container av-av_image-771cb0b7e4e9b129372a5118ae8f9d4f av-styling- av-img-linked avia-align-center  avia-builder-el-26  el_before_av_textblock  avia-builder-el-first'   itemprop=\"image\" itemscope=\"itemscope\" itemtype=\"https:\/\/schema.org\/ImageObject\" ><div class=\"avia-image-container-inner\"><div class=\"avia-image-overlay-wrap\"><a href=\"https:\/\/vimeo.com\/manage\/videos\/760026022\" class='avia_image'  target=\"_blank\"  rel=\"noopener noreferrer\" aria-label='Luis Ortiz'><img decoding=\"async\" fetchpriority=\"high\" class='wp-image-1897 avia-img-lazy-loading-not-1897 avia_image' src=\"https:\/\/seeco.es\/wp-content\/uploads\/2022\/10\/Luis-Ortiz.jpg\" alt='' title='Luis Ortiz'  height=\"283\" width=\"500\"  itemprop=\"thumbnailUrl\" srcset=\"https:\/\/seeco.es\/wp-content\/uploads\/2022\/10\/Luis-Ortiz.jpg 500w, https:\/\/seeco.es\/wp-content\/uploads\/2022\/10\/Luis-Ortiz-300x170.jpg 300w, https:\/\/seeco.es\/wp-content\/uploads\/2022\/10\/Luis-Ortiz-450x255.jpg 450w\" sizes=\"(max-width: 500px) 100vw, 500px\" \/><\/a><\/div><\/div><\/div><br \/>\n<section  class='av_textblock_section av-av_textblock-e878f05c31dff72941bf1e49a00d9ff5'   itemscope=\"itemscope\" itemtype=\"https:\/\/schema.org\/CreativeWork\" ><div class='avia_textblock'  itemprop=\"text\" ><p style=\"text-align: center;\"><strong>Luis Ortiz<\/strong><\/p>\n<\/div><\/section><\/p><\/div><\/p>\n<div  class='flex_column av-av_one_third-e38f08a368d22f46ed35f78008f927bf av_one_third  avia-builder-el-28  el_after_av_one_third  avia-builder-el-last  flex_column_div  column-top-margin'     ><\/div>","protected":false},"excerpt":{"rendered":"","protected":false},"author":140,"featured_media":2709,"parent":0,"menu_order":0,"comment_status":"closed","ping_status":"closed","template":"","meta":{"footnotes":""},"class_list":["post-1884","page","type-page","status-publish","has-post-thumbnail","hentry"],"yoast_head":"<!-- This site is optimized with the Yoast SEO plugin v27.5 - https:\/\/yoast.com\/product\/yoast-seo-wordpress\/ -->\n<title>XXX Aniversario Sociedad Espa\u00f1ola de Ecograf\u00eda - SEECO<\/title>\n<meta name=\"description\" content=\"XXX Aniversario Sociedad Espa\u00f1ola de Ecograf\u00eda - SEECO. Fernando Jim\u00e9nez, Javier Ferreira, Ricardo Aguil\u00f3, Ricardo Alfageme, Alfonso Mart\u00ednez...\" \/>\n<meta name=\"robots\" content=\"index, follow, max-snippet:-1, max-image-preview:large, max-video-preview:-1\" \/>\n<link rel=\"canonical\" href=\"https:\/\/seeco.es\/en\/xxx-aniversario-de-la-creacion-de-la-sociedad-espanola-de-ecografia\/\" \/>\n<meta property=\"og:locale\" content=\"en_GB\" \/>\n<meta property=\"og:type\" content=\"article\" \/>\n<meta property=\"og:title\" content=\"XXX Aniversario Sociedad Espa\u00f1ola de Ecograf\u00eda - SEECO\" \/>\n<meta property=\"og:description\" content=\"XXX Aniversario Sociedad Espa\u00f1ola de Ecograf\u00eda - SEECO. Fernando Jim\u00e9nez, Javier Ferreira, Ricardo Aguil\u00f3, Ricardo Alfageme, Alfonso Mart\u00ednez...\" \/>\n<meta property=\"og:url\" content=\"https:\/\/seeco.es\/en\/xxx-aniversario-de-la-creacion-de-la-sociedad-espanola-de-ecografia\/\" \/>\n<meta property=\"og:site_name\" content=\"SEECO\" \/>\n<meta property=\"article:modified_time\" content=\"2025-09-17T06:54:34+00:00\" \/>\n<meta property=\"og:image\" content=\"https:\/\/seeco.es\/wp-content\/uploads\/2025\/05\/SEECO-Sociedad-Espanola-de-Ecografia-I.jpg\" \/>\n\t<meta property=\"og:image:width\" content=\"1000\" \/>\n\t<meta property=\"og:image:height\" content=\"667\" \/>\n\t<meta property=\"og:image:type\" content=\"image\/jpeg\" \/>\n<meta name=\"twitter:card\" content=\"summary_large_image\" \/>\n<meta name=\"twitter:label1\" content=\"Estimated reading time\" \/>\n\t<meta name=\"twitter:data1\" content=\"2 minutes\" \/>\n<script type=\"application\/ld+json\" class=\"yoast-schema-graph\">{\"@context\":\"https:\\\/\\\/schema.org\",\"@graph\":[{\"@type\":\"WebPage\",\"@id\":\"https:\\\/\\\/seeco.es\\\/xxx-aniversario-de-la-creacion-de-la-sociedad-espanola-de-ecografia\\\/\",\"url\":\"https:\\\/\\\/seeco.es\\\/xxx-aniversario-de-la-creacion-de-la-sociedad-espanola-de-ecografia\\\/\",\"name\":\"XXX Aniversario Sociedad Espa\u00f1ola de Ecograf\u00eda - SEECO\",\"isPartOf\":{\"@id\":\"https:\\\/\\\/seeco.es\\\/#website\"},\"primaryImageOfPage\":{\"@id\":\"https:\\\/\\\/seeco.es\\\/xxx-aniversario-de-la-creacion-de-la-sociedad-espanola-de-ecografia\\\/#primaryimage\"},\"image\":{\"@id\":\"https:\\\/\\\/seeco.es\\\/xxx-aniversario-de-la-creacion-de-la-sociedad-espanola-de-ecografia\\\/#primaryimage\"},\"thumbnailUrl\":\"https:\\\/\\\/seeco.es\\\/wp-content\\\/uploads\\\/2025\\\/05\\\/SEECO-Sociedad-Espanola-de-Ecografia-I.jpg\",\"datePublished\":\"2022-10-21T17:24:33+00:00\",\"dateModified\":\"2025-09-17T06:54:34+00:00\",\"description\":\"XXX Aniversario Sociedad Espa\u00f1ola de Ecograf\u00eda - SEECO. Fernando Jim\u00e9nez, Javier Ferreira, Ricardo Aguil\u00f3, Ricardo Alfageme, Alfonso Mart\u00ednez...\",\"breadcrumb\":{\"@id\":\"https:\\\/\\\/seeco.es\\\/xxx-aniversario-de-la-creacion-de-la-sociedad-espanola-de-ecografia\\\/#breadcrumb\"},\"inLanguage\":\"en-GB\",\"potentialAction\":[{\"@type\":\"ReadAction\",\"target\":[\"https:\\\/\\\/seeco.es\\\/xxx-aniversario-de-la-creacion-de-la-sociedad-espanola-de-ecografia\\\/\"]}]},{\"@type\":\"ImageObject\",\"inLanguage\":\"en-GB\",\"@id\":\"https:\\\/\\\/seeco.es\\\/xxx-aniversario-de-la-creacion-de-la-sociedad-espanola-de-ecografia\\\/#primaryimage\",\"url\":\"https:\\\/\\\/seeco.es\\\/wp-content\\\/uploads\\\/2025\\\/05\\\/SEECO-Sociedad-Espanola-de-Ecografia-I.jpg\",\"contentUrl\":\"https:\\\/\\\/seeco.es\\\/wp-content\\\/uploads\\\/2025\\\/05\\\/SEECO-Sociedad-Espanola-de-Ecografia-I.jpg\",\"width\":1000,\"height\":667,\"caption\":\"Sociedad Espa\u00f1ola de Ecograf\u00eda - SEECO\"},{\"@type\":\"BreadcrumbList\",\"@id\":\"https:\\\/\\\/seeco.es\\\/xxx-aniversario-de-la-creacion-de-la-sociedad-espanola-de-ecografia\\\/#breadcrumb\",\"itemListElement\":[{\"@type\":\"ListItem\",\"position\":1,\"name\":\"Portada\",\"item\":\"https:\\\/\\\/seeco.es\\\/seeco\\\/\"},{\"@type\":\"ListItem\",\"position\":2,\"name\":\"XXX Aniversario de la creaci\u00f3n de la Sociedad Espa\u00f1ola de Ecograf\u00eda\"}]},{\"@type\":\"WebSite\",\"@id\":\"https:\\\/\\\/seeco.es\\\/#website\",\"url\":\"https:\\\/\\\/seeco.es\\\/\",\"name\":\"SEECO\",\"description\":\"Sociedad Espa\u00f1ola de Ecograf\u00eda\",\"potentialAction\":[{\"@type\":\"SearchAction\",\"target\":{\"@type\":\"EntryPoint\",\"urlTemplate\":\"https:\\\/\\\/seeco.es\\\/?s={search_term_string}\"},\"query-input\":{\"@type\":\"PropertyValueSpecification\",\"valueRequired\":true,\"valueName\":\"search_term_string\"}}],\"inLanguage\":\"en-GB\"}]}<\/script>\n<!-- \/ Yoast SEO plugin. -->","yoast_head_json":{"title":"XXX Aniversario Sociedad Espa\u00f1ola de Ecograf\u00eda - SEECO","description":"XXX Aniversario Sociedad Espa\u00f1ola de Ecograf\u00eda - SEECO. Fernando Jim\u00e9nez, Javier Ferreira, Ricardo Aguil\u00f3, Ricardo Alfageme, Alfonso Mart\u00ednez...","robots":{"index":"index","follow":"follow","max-snippet":"max-snippet:-1","max-image-preview":"max-image-preview:large","max-video-preview":"max-video-preview:-1"},"canonical":"https:\/\/seeco.es\/en\/xxx-aniversario-de-la-creacion-de-la-sociedad-espanola-de-ecografia\/","og_locale":"en_GB","og_type":"article","og_title":"XXX Aniversario Sociedad Espa\u00f1ola de Ecograf\u00eda - SEECO","og_description":"XXX Aniversario Sociedad Espa\u00f1ola de Ecograf\u00eda - SEECO. Fernando Jim\u00e9nez, Javier Ferreira, Ricardo Aguil\u00f3, Ricardo Alfageme, Alfonso Mart\u00ednez...","og_url":"https:\/\/seeco.es\/en\/xxx-aniversario-de-la-creacion-de-la-sociedad-espanola-de-ecografia\/","og_site_name":"SEECO","article_modified_time":"2025-09-17T06:54:34+00:00","og_image":[{"width":1000,"height":667,"url":"https:\/\/seeco.es\/wp-content\/uploads\/2025\/05\/SEECO-Sociedad-Espanola-de-Ecografia-I.jpg","type":"image\/jpeg"}],"twitter_card":"summary_large_image","twitter_misc":{"Estimated reading time":"2 minutes"},"schema":{"@context":"https:\/\/schema.org","@graph":[{"@type":"WebPage","@id":"https:\/\/seeco.es\/xxx-aniversario-de-la-creacion-de-la-sociedad-espanola-de-ecografia\/","url":"https:\/\/seeco.es\/xxx-aniversario-de-la-creacion-de-la-sociedad-espanola-de-ecografia\/","name":"XXX Aniversario Sociedad Espa\u00f1ola de Ecograf\u00eda - SEECO","isPartOf":{"@id":"https:\/\/seeco.es\/#website"},"primaryImageOfPage":{"@id":"https:\/\/seeco.es\/xxx-aniversario-de-la-creacion-de-la-sociedad-espanola-de-ecografia\/#primaryimage"},"image":{"@id":"https:\/\/seeco.es\/xxx-aniversario-de-la-creacion-de-la-sociedad-espanola-de-ecografia\/#primaryimage"},"thumbnailUrl":"https:\/\/seeco.es\/wp-content\/uploads\/2025\/05\/SEECO-Sociedad-Espanola-de-Ecografia-I.jpg","datePublished":"2022-10-21T17:24:33+00:00","dateModified":"2025-09-17T06:54:34+00:00","description":"XXX Aniversario Sociedad Espa\u00f1ola de Ecograf\u00eda - SEECO. Fernando Jim\u00e9nez, Javier Ferreira, Ricardo Aguil\u00f3, Ricardo Alfageme, Alfonso Mart\u00ednez...","breadcrumb":{"@id":"https:\/\/seeco.es\/xxx-aniversario-de-la-creacion-de-la-sociedad-espanola-de-ecografia\/#breadcrumb"},"inLanguage":"en-GB","potentialAction":[{"@type":"ReadAction","target":["https:\/\/seeco.es\/xxx-aniversario-de-la-creacion-de-la-sociedad-espanola-de-ecografia\/"]}]},{"@type":"ImageObject","inLanguage":"en-GB","@id":"https:\/\/seeco.es\/xxx-aniversario-de-la-creacion-de-la-sociedad-espanola-de-ecografia\/#primaryimage","url":"https:\/\/seeco.es\/wp-content\/uploads\/2025\/05\/SEECO-Sociedad-Espanola-de-Ecografia-I.jpg","contentUrl":"https:\/\/seeco.es\/wp-content\/uploads\/2025\/05\/SEECO-Sociedad-Espanola-de-Ecografia-I.jpg","width":1000,"height":667,"caption":"Sociedad Espa\u00f1ola de Ecograf\u00eda - SEECO"},{"@type":"BreadcrumbList","@id":"https:\/\/seeco.es\/xxx-aniversario-de-la-creacion-de-la-sociedad-espanola-de-ecografia\/#breadcrumb","itemListElement":[{"@type":"ListItem","position":1,"name":"Portada","item":"https:\/\/seeco.es\/seeco\/"},{"@type":"ListItem","position":2,"name":"XXX Aniversario de la creaci\u00f3n de la Sociedad Espa\u00f1ola de Ecograf\u00eda"}]},{"@type":"WebSite","@id":"https:\/\/seeco.es\/#website","url":"https:\/\/seeco.es\/","name":"SEECO","description":"Spanish Society of Ultrasound","potentialAction":[{"@type":"SearchAction","target":{"@type":"EntryPoint","urlTemplate":"https:\/\/seeco.es\/?s={search_term_string}"},"query-input":{"@type":"PropertyValueSpecification","valueRequired":true,"valueName":"search_term_string"}}],"inLanguage":"en-GB"}]}},"_links":{"self":[{"href":"https:\/\/seeco.es\/en\/wp-json\/wp\/v2\/pages\/1884","targetHints":{"allow":["GET"]}}],"collection":[{"href":"https:\/\/seeco.es\/en\/wp-json\/wp\/v2\/pages"}],"about":[{"href":"https:\/\/seeco.es\/en\/wp-json\/wp\/v2\/types\/page"}],"author":[{"embeddable":true,"href":"https:\/\/seeco.es\/en\/wp-json\/wp\/v2\/users\/140"}],"replies":[{"embeddable":true,"href":"https:\/\/seeco.es\/en\/wp-json\/wp\/v2\/comments?post=1884"}],"version-history":[{"count":0,"href":"https:\/\/seeco.es\/en\/wp-json\/wp\/v2\/pages\/1884\/revisions"}],"wp:featuredmedia":[{"embeddable":true,"href":"https:\/\/seeco.es\/en\/wp-json\/wp\/v2\/media\/2709"}],"wp:attachment":[{"href":"https:\/\/seeco.es\/en\/wp-json\/wp\/v2\/media?parent=1884"}],"curies":[{"name":"wp","href":"https:\/\/api.w.org\/{rel}","templated":true}]}}